{"id":15,"date":"2020-09-14T16:50:37","date_gmt":"2020-09-14T20:50:37","guid":{"rendered":"http:\/\/profesores.elo.utfsm.cl\/~mzanartu\/new-2020\/wordpress\/?page_id=15"},"modified":"2025-12-05T15:39:57","modified_gmt":"2025-12-05T19:39:57","slug":"15-2","status":"publish","type":"page","link":"https:\/\/profesores.elo.utfsm.cl\/~mzanartu\/","title":{"rendered":""},"content":{"rendered":"\n<div class=\"wp-block-image is-style-rounded\"><figure class=\"alignleft size-large is-resized\"><a href=\"http:\/\/profesores.elo.utfsm.cl\/~mzanartu\/new-2020\/wordpress\/wp-content\/uploads\/2020\/09\/MZS_new.jpg\"><img loading=\"lazy\" decoding=\"async\" src=\"http:\/\/profesores.elo.utfsm.cl\/~mzanartu\/new-2020\/wordpress\/wp-content\/uploads\/2025\/12\/IMG_9076-768x1024.jpeg\" alt=\"\" class=\"wp-image-575\" width=\"253\" height=\"347\" title=\"MZS\"\/><\/a><\/figure><\/div>\n\n\n\n<p class=\"wp-block-paragraph\">Mat\u00edas Za\u00f1artu, Ph.D.<strong><br><\/strong>Professor &#8211; <a href=\"http:\/\/www.electronica.usm.cl\/\">Department of Electronic Engineering<\/a><br>Principal Investigator &#8211; <a rel=\"noreferrer noopener\" href=\"http:\/\/ac3e.usm.cl\/en\/\" target=\"_blank\">Advanced Center for Electrical and Electronic Engineering<\/a><br>Lab Director &#8211; <a href=\"http:\/\/vplab.usm.cl\/\">Voice Production Laboratory<\/a><br><a href=\"https:\/\/usm.cl\">Universidad T\u00e9cnica Federico Santa Mar\u00eda <\/a><br>Fellow, Acoustical Society of America <br>Fulbright Fellow, IEEE Senior Member<br>Associate Editor, <a href=\"https:\/\/asa.scitation.org\/journal\/jel\">JASA Express Letters<\/a> and <a rel=\"noreferrer noopener\" href=\"https:\/\/tnsre.embs.org\/\" target=\"_blank\">IEEE Transactions on Neural Systems &amp; Rehabilitation Engineering<\/a> (former)<br>Co-founder &#8211; <a rel=\"noreferrer noopener\" href=\"https:\/\/www.lanek.cl\" target=\"_blank\">Lanek<\/a> <br>ResearcherID: <a href=\"http:\/\/www.researcherid.com\/rid\/I-3133-2012\">I-3133-2012<\/a> <br>Scopus Author ID:<a href=\"http:\/\/www.scopus.com\/inward\/authorDetails.url?authorID=15838299100&amp;partnerID=MN8TOARS\"> 15838299100<\/a><br>ORC ID: <a href=\"https:\/\/orcid.org\/0000-0001-5581-4392\">0000-0001-5581-4392<\/a> <br>PubMed : <a href=\"https:\/\/www.ncbi.nlm.nih.gov\/myncbi\/matias.zanartu.1\/bibliography\/public\/\">link<\/a> &#8211; Google Scholar: <a rel=\"noreferrer noopener\" href=\"https:\/\/scholar.google.com\/citations?user=Vj4mHpEAAAAJ&amp;hl=en\" target=\"_blank\">link<\/a><\/p>\n\n\n\n<p class=\"wp-block-paragraph\">I have been always attracted by areas of knowledge that intersect more than one traditional discipline. My interests are centered on the development of digital signal processing, system modeling, and biomedical engineering tools that involve speech, audio, and acoustics. My recent research efforts have revolved around developing quantitative models that describe nonlinear effects in human speech production, and applying these physiological descriptions for the development of communication and clinical technologies. I have a BS degree in Acoustical Engineering, and MS and PhD degrees in Electrical and Computer Engineering.<\/p>\n\n\n\n<p class=\"wp-block-paragraph\"><strong>CONTACT INFORMATION<\/strong><\/p>\n\n\n\n<p class=\"wp-block-paragraph\">Av. Espa\u00f1a 1680, Of. B.402. Valparaiso, Chile, 2390123.<br>Bari 699, Valparaiso, Chile, 2390123.<br>Phone: +56 32 2652604<br>Email: matias DOT zanartu AT usm DOT cl<br>Linked-in: <a href=\"https:\/\/www.linkedin.com\/in\/matiaszanartu\/  \">https:\/\/www.linkedin.com\/in\/matiaszanartu\/<\/a><br>Twitter: <a href=\"https:\/\/twitter.com\/mzanartu\">https:\/\/twitter.com\/mzanartu<\/a><\/p>\n\n\n\n<p class=\"wp-block-paragraph\"><strong>NEWS<\/strong><\/p>\n\n\n\n<ul class=\"wp-block-list\"><li>Aug-25: Our paper introducing a new model-based processing for Intrinsic EMG signals was accepted in the Journal of Voice. Congrats, Josu\u00e9 Martinez! Very nice work. Link<\/li><li>May-25: Prof. Za\u00f1artu participated in the Presentation of new Fellows of the Acoustical Society of America in New Orleans, US. <a href=\"http:\/\/profesores.elo.utfsm.cl\/~mzanartu\/Documents\/ASAFellow.jpg\">Link<\/a><\/li><li>March-25: Prof. Za\u00f1artu started his Sabbatical leave until Feb 2026.<\/li><li>May-24: Prof. Za\u00f1artu is elected Fellow of the Acoustical Society of America (<a href=\"https:\/\/acousticalsociety.org\">link<\/a>), being the first Chilean to hold this membership grade. <a href=\"https:\/\/ac3e.usm.cl\/director-centro-usm-es-primer-chileno-en-ser-nombrado-fellow-de-la-sociedad-acustica-de-america\/\">Link<\/a> <\/li><li>Dec-23: Dr. Za\u00f1artu is promoted to Full Professor at Universidad T\u00e9cnica Federico Santa Mar\u00eda for his achievements in research, innovation, teaching, and service.<\/li><li>Dec-23: Dr. Za\u00f1artu receives the outstanding engineer of the year award by the AIE-IEEE Chile for his contributions to advancing research and innovation in Chile. <a href=\"https:\/\/usm.cl\/noticias\/director-del-ac3e-de-usm-recibe-premio-aie-ieee-ingeniero-sobresaliente\/\">Link<\/a> <\/li><li>Nov-23: Dr. Za\u00f1artu is invited to the podcast &#8220;Ciencia de Datos en Salud&#8221; with Dr. Jocelyn Dunstan, from PUC Chile. <a rel=\"noreferrer noopener\" href=\"https:\/\/open.spotify.com\/episode\/0dgCuHGGGyHIRvyZRIRl0C?si=zuMQVNsdQFC6S43YtbaHQg\" target=\"_blank\">Link<\/a> <\/li><\/ul>\n\n\n\n<figure><iframe loading=\"lazy\" src=\"https:\/\/open.spotify.com\/embed\/episode\/0dgCuHGGGyHIRvyZRIRl0C?utm_source=generator\" width=\"100%\" height=\"352\" allowfullscreen=\"\"><\/iframe><\/figure>\n\n\n\n<ul class=\"wp-block-list\"><li>Aug-23: Congrats to Jhosmary Cuadros for successfully completing her PhD! More information about her work on linking EEG and DIVA\/LaDIVA <a href=\"https:\/\/doi.org\/10.3390\/app13137512\">here<\/a>  <\/li><li>Jun-23: We had another wonderful AC3E technical meeting. See video below!<\/li><\/ul>\n\n\n\n<figure class=\"wp-block-embed-youtube wp-block-embed is-type-video is-provider-youtube wp-embed-aspect-16-9 wp-has-aspect-ratio\"><div class=\"wp-block-embed__wrapper\">\nhttps:\/\/youtu.be\/dNhQ85JUkDY\n<\/div><\/figure>\n\n\n\n<ul class=\"wp-block-list\"><li>April-23: The NIH P50 grant was renewed for another 5 years! Yay! &#8211; <a href=\"https:\/\/ac3e.usm.cl\/proyecto-para-el-estudio-de-patologias-de-la-voz-liderado-por-investigador-chileno-renueva-financiamiento-internacional\/\">link<\/a> <\/li><li>Feb-23: Prof. Za\u00f1artu introduces the latest advances of the Advanced Voice Monitor (AVM) &#8211; <a href=\"http:\/\/profesores.elo.utfsm.cl\/~mzanartu\/Documents\/Ciencia+Innovaci\u00f3n_USM_AVM.jpeg\">link<\/a>  <\/li><\/ul>\n\n\n\n<figure><iframe loading=\"lazy\" width=\"805\" height=\"453\" src=\"https:\/\/www.youtube.com\/embed\/fx42BG1SL84\" allowfullscreen=\"\"><\/iframe><\/figure>\n\n\n\n<ul class=\"wp-block-list\"><li>Nov-22: Great meeting with the Nonlinear dynamics group in Paran\u00e1, Argentina &#8211; link<\/li><li>Nov-22: VPLab participates at the online Voice Knowledge workshop 2022 from the Vocology Center in Colombia &#8211; <a href=\"https:\/\/www.youtube.com\/watch?v=fraMfpszQfQ\">link<\/a><\/li><li>Oct-22: Prof. Za\u00f1artu is featured on national TV (Canal 24 horas) discussing the research that is done in cognitive robotics, brain dynamics, and hardware design at AC3E<\/li><\/ul>\n\n\n\n<figure><iframe loading=\"lazy\" width=\"805\" height=\"453\" src=\"https:\/\/www.youtube.com\/embed\/0jagpTIwhf8\" allowfullscreen=\"\"><\/iframe><\/figure>\n\n\n\n<ul class=\"wp-block-list\"><li>Oct-22: Prof. Za\u00f1artu participates at the Science and Music Festival FEIC and gives a talk at the museum of natural history of Valparaiso &#8211; <a href=\"https:\/\/www.mhnv.gob.cl\/noticias\/festival-ciencia-y-musica-el-arte-y-sus-raices-en-la-naturaleza\">link<\/a><\/li><li>Sept-22: Congrats to Christian Castro on his paper on the Lombard effect at JSLHR. <a href=\"http:\/\/profesores.elo.utfsm.cl\/~mzanartu\/Documents\/2022_JSLHR-21-00508.pdf\">Link<\/a> <\/li><li>Aug-22: Nice video of the new AC3E building our new lab spaces. Bravo! <a href=\"https:\/\/ac3e.usm.cl\">Link<\/a><\/li><\/ul>\n\n\n\n<figure><iframe loading=\"lazy\" width=\"805\" height=\"453\" src=\"https:\/\/www.youtube.com\/embed\/6FGPTm4TkC0\" allowfullscreen=\"\"><\/iframe><\/figure>\n\n\n\n<ul class=\"wp-block-list\"><li>March-22: Dr. Za\u00f1artu, Dr. Araya, engineer Francisco Frez, and musician Ren\u00e9 Ver\u00f3n participated in the creation of a musical piece based on Artificial Intelligence. See video below and audio in Spotify <a href=\"https:\/\/open.spotify.com\/episode\/4n34H4wYrVjXiRQazeh4fa?si=664V_5K_Twy8VotuWkmllg\">here<\/a>.<\/li><\/ul>\n\n\n\n<figure><iframe loading=\"lazy\" width=\"805\" height=\"453\" src=\"https:\/\/www.youtube.com\/embed\/h1C9IGM7sjM\" allowfullscreen=\"\"><\/iframe><\/figure>\n\n\n\n<ul class=\"wp-block-list\"><li>March-22: The paper on the effects of protectives measures against COVID19 on voice production was accepted in JASA. Congrats, Jon Deng!<\/li><li>Jan-22: Dr. Za\u00f1artu is featured on Chilean National TV for the new iCub Robot that arrived to AC3E for our research in cognitive robotics. See press release <a href=\"https:\/\/noticias.usm.cl\/2022\/01\/19\/primer-robot-humanoide-en-america-latina-llega-a-la-usm\/\">here<\/a>.<\/li><\/ul>\n\n\n\n<figure><iframe loading=\"lazy\" width=\"884\" height=\"497\" src=\"https:\/\/noticias.usm.cl\/wp-content\/uploads\/2022\/01\/Planeta-futuro-Mat%C3%ADas-Za\u00f1artu.mp4\" allowfullscreen=\"\"><\/iframe><\/figure>\n\n\n\n<ul class=\"wp-block-list\"><li>Jan-22: Dr. Za\u00f1artu participates at Congreso Futuro, the largest scientific event in Chile, to talk about the future of AI in Chile <a href=\"https:\/\/www.elmostrador.cl\/agenda-pais\/2022\/01\/19\/congreso-futuro-chile-necesita-ser-parte-de-la-revolucion-tecnologica\/\">link<\/a><\/li><li>Dic-21: Our Alzamendi et al. on the TBCM and Cort\u00e9s et al. paper on Kalman IBIF were accepted. Congrats, Gabriel and JP! <a href=\"http:\/\/profesores.elo.utfsm.cl\/~mzanartu\/index.php\/publications\/\">link<\/a><\/li><li>Sept-21: Our first Frontiers in Physiology paper is out. Congrats, Emiro! <a href=\"https:\/\/doi.org\/10.3389\/fphys.2021.732244\">link<\/a><\/li><li>July-21: Prof. Za\u00f1artu is featured on Chilean National TV for the development of medical technology in Chile.<\/li><\/ul>\n\n\n\n<figure><iframe loading=\"lazy\" width=\"884\" height=\"497\" src=\"https:\/\/www.youtube.com\/embed\/uhR_0oRCOZs\" allowfullscreen=\"\"><\/iframe><\/figure>\n\n\n\n<ul class=\"wp-block-list\"><li>May-21: Prof. Za\u00f1artu gives an invited talk at the &#8220;Music &amp; Science&#8221; event from the Chilean Ministry of Science hosted by Chilean Singer Francisca Valenzuela<\/li><\/ul>\n\n\n\n<figure><iframe loading=\"lazy\" width=\"884\" height=\"497\" src=\"https:\/\/www.youtube.com\/embed\/ZUTRpEROPCM\" allowfullscreen=\"\"><\/iframe><\/figure>\n\n<figure><iframe loading=\"lazy\" width=\"884\" height=\"497\" src=\"https:\/\/www.youtube.com\/embed\/ecKHZF3R8EA\" \"=\"\"><\/iframe><\/figure>\n\n\n\n<ul class=\"wp-block-list\"><li>April-21: Prof. Za\u00f1artu gives an invited talk at the XXI BME Seminar at Universidad de Valparaiso<\/li><\/ul>\n\n\n\n<figure><iframe loading=\"lazy\" width=\"884\" height=\"497\" src=\"https:\/\/www.youtube.com\/embed\/fCcz5_2Mef0\" allowfullscreen=\"\"><\/iframe><\/figure>\n\n\n\n<ul class=\"wp-block-list\"><li>April-21: Prof. Za\u00f1artu gives an invited talk for the Phonetics course at UAH introducing voice production, voice assessment and voice research.<\/li><\/ul>\n\n\n\n<figure><iframe loading=\"lazy\" src=\"https:\/\/www.youtube.com\/embed\/Blh1kF0pVjw\" width=\"884\" height=\"497\" allowfullscreen=\"true\"><\/iframe><\/figure>\n\n\n\n<ul class=\"wp-block-list\"><li>Jan-21: Our paper on the laser-calibrated endoscope is finally out!<\/li><li>Dic-20: Luis Mora&#8217;s paper was accepted at IMA Journal of Mathematical Control and Information. Congrats, Dr. Mora!<\/li><li>Nov-20: Watch Dr. Za\u00f1artu&#8217;s interview at the USM interview series: Voces con Ciencia<\/li><\/ul>\n\n\n\n<figure><iframe loading=\"lazy\" src=\"https:\/\/www.facebook.com\/plugins\/video.php?height=314&amp;href=https%3A%2F%2Fwww.facebook.com%2FAC3Eusm%2Fvideos%2F282396286289371%2F&amp;show_text=false&amp;width=560\" width=\"560\" height=\"314\" allowfullscreen=\"true\"><\/iframe><\/figure>\n\n\n\n<ul class=\"wp-block-list\"><li>Oct-20: We were awarded a Startup Ciencia grant! &#8211; <a href=\"https:\/\/noticias.usm.cl\/2020\/10\/21\/academico-del-departamento-de-electronica-se-adjudica-fondo-startup-ciencia\/\" target=\"_blank\" rel=\"noreferrer noopener\">link<\/a><\/li><li>Oct-20: Eduardo&#8217;s paper was accepted at IEEE TNSRE! <\/li><li>Oct-20: Dr. Za\u00f1artu&#8217;s talk at the Science Week at UTFSM: <a rel=\"noreferrer noopener\" href=\"https:\/\/fb.watch\/4cS1JKA2dV\/\" target=\"_blank\">link<\/a> <\/li><\/ul>\n\n\n\n<figure><iframe loading=\"lazy\" src=\"https:\/\/www.facebook.com\/plugins\/video.php?height=314&amp;href=https%3A%2F%2Fwww.facebook.com%2FAC3Eusm%2Fvideos%2F354751838943248%2F&amp;show_text=false&amp;width=560\" width=\"560\" height=\"314\" allowfullscreen=\"true\"><\/iframe><\/figure>\n\n\n\n<ul class=\"wp-block-list\"><li>Aug-20: The paper with an updated framework for Vocal Hyperfunction was accepted in AJSLP.<\/li><li>Jul-20: Prof Za\u00f1artu gives a talk in PAVA symposium- <a href=\"http:\/\/ac3e.usm.cl\/director-del-ac3e-dicta-charla-plenaria-para-la-pan-american-vocology-association-pava-2020\/\">link<\/a><\/li><li>Jun-20: The paper on glottal aerodynamics estimated from neck-surface vibration was accepted in JSLHR. Congrats, V\u00edctor!<\/li><li>May-20: The paper on subject-specific modeling with clinical data was accepted in JASA. Congrats, Gabriel!<\/li><li>Feb-20: Lin et al paper at IEEE JSTSP accepted for publication. <a href=\"https:\/\/doi.org\/10.1109\/JSTSP.2019.2959267\">Link<\/a><\/li><li>Jan-20: Our papers on contact pressure were accepted at the Special issue \u201cComputational Methods and Engineering Solutions to Voice\u201d from Applied Sciences-Basel. <a href=\"https:\/\/www.mdpi.com\/journal\/applsci\/special_issues\/voice?view=default&amp;listby=type\">link<\/a><\/li><li>Dec-19: Prof. Za\u00f1artu gives a talk at Universidad Austral in Valdivia, Chile <a rel=\"noreferrer noopener\" href=\"https:\/\/www.acusticauach.cl\/?p=13063\" target=\"_blank\">link<\/a><\/li><li>Nov-19: VPLab participates with numerous posters at the AC3E technical meeting <a rel=\"noreferrer noopener\" href=\"http:\/\/ac3e.usm.cl\/en\/alumnos-fueron-los-principales-actores-de-la-jornada-tecnica-ac3e-2019\/\" target=\"_blank\">link<\/a><\/li><li>Aug-19: Prof. Za\u00f1artu receives on behalf of AC3E an award for the contributions of the center in electromobility <a href=\"https:\/\/noticias.usm.cl\/2019\/08\/30\/ac3e-de-la-usm-es-reconocido-por-su-contribucion-a-la-electromovilidad-en-chile\/\">link<\/a><\/li><li>Aug-19: VPLab actively participates with numerous posters in the joint AC3E-CINV meeting <a href=\"https:\/\/noticias.usm.cl\/2019\/08\/23\/ministro-de-ciencia-destaca-el-rol-de-centros-de-investigacion-de-excelencia-del-pais-en-evento-usm\/\">link1<\/a> &#8211; <a href=\"https:\/\/www.uv.cl\/pdn\/?id=10830\">link2<\/a><\/li><li>Aug-19: Prof. Za\u00f1artu is invited to give a talk on laryngeal high speed videoendoscopy in a ENT course <a href=\"https:\/\/www.clinicasantamaria.cl\/informate\/cursos-cientificos\/patologias-de-la-voz-y-voz-profesional\">link<\/a><\/li><li>Aug-19: Prof. Za\u00f1artu was featured on National TV (C13) describing the technology for estimating contact pressure in the vocal folds <a href=\"https:\/\/youtu.be\/iRc6sWWB9O8\">link<\/a><\/li><\/ul>\n\n\n\n<figure><iframe loading=\"lazy\" src=\"https:\/\/www.youtube.com\/embed\/iRc6sWWB9O8\" width=\"640\" height=\"360\"><\/iframe><\/figure>\n\n\n\n<ul class=\"wp-block-list\"><li>Aug-19: Prof. Za\u00f1artu gives a talk at the &#8220;International Forum: Music, Science and New Technologies&#8221;, at PUCV, Valparaiso. <a href=\"https:\/\/eventos.usm.cl\/evento\/forum-internacional-musica-ciencias-y-nuevas-tecnologias-valparaiso-2019\/\" target=\"_blank\" rel=\"noreferrer noopener\">link<\/a><\/li><li>Jul-19: Prof. Za\u00f1artu recieves award from CORFO \u201cEmprendimiento Ingenier\u00eda 2030\u201d for best innovation <a href=\"http:\/\/www.lun.com\/Pages\/NewsDetail.aspx?dt=2019-07-05&amp;PaginaId=22&amp;bodyid=0\">LUN<\/a> &#8211; <a href=\"https:\/\/noticias.usm.cl\/2019\/07\/09\/tecnologia-liderada-por-academico-usm-recibe-premio-emprendimiento-ingenieria-2030-de-corfo\/?fbclid=IwAR0boS8qNIFDIzIci5CgB7czDwFPQfkBjG6LKiauUc9c3qGBdgeaknZMyEg\">link<\/a><\/li><li>Jun-19: Hertz contact paper accepted at MDPI&#8217;s special issue &#8220;Computational Methods and Engineering Solutions to Voice&#8221; <a href=\"https:\/\/www.mdpi.com\/journal\/applsci\/special_issues\/voice?view=default&amp;listby=type\">link<\/a><\/li><li>Jun-19: Juan Pablo Cort\u00e9s received the best poster award at the 48th Annual Voice Foundation Symposium&#8230; Congrats JP! &#8211; <a href=\"https:\/\/pbs.twimg.com\/media\/D8TEAowX4AEbcPJ.jpg:large\" target=\"_blank\" rel=\"noreferrer noopener\">pic<\/a> &#8211; <a href=\"https:\/\/voicefoundation.org\/annual-symposium\/awards-recognizing-excellence\/best-poster-awards\/\">link<\/a><\/li><li>May-19: Prof. Za\u00f1artu invited to give a keynote talk at Universidad de Concepcion<\/li><li>April-19: Prof. Za\u00f1artu and Dr. Prado give talks at the IHear symposium in Buenos Aires.<\/li><li>March-19: Prof. Za\u00f1artu is invited to serve as Associate Editor of IEEE in Transactions on Neural Systems &amp; Rehabilitation Engineering <a href=\"https:\/\/tnsre.embs.org\/editorial-office\/associate-editors\/\" target=\"_blank\" rel=\"noreferrer noopener\">link1<\/a>&#8211; <a href=\"http:\/\/www.ac3e.cl\/investigadores-del-ac3e-participan-como-editores-en-20-revistas-cientificas-de-la-especialidad\/\">link2<\/a><\/li><li>March-19: Prof. Za\u00f1artu becomes the new Director of the Advanced Center for Electrical and Electronic Engineering, AC3E. See press realease <a href=\"http:\/\/www.noticias.usm.cl\/2019\/03\/08\/ac3e-nombra-nuevo-director-para-su-segundo-periodo\/\">here<\/a>.<\/li><li>March-19: Prof. Za\u00f1artu was interviewed for a news article on the risks of wireless headphones at the National newspapers El Mercurio (<a href=\"http:\/\/www.economiaynegocios.cl\/noticias\/noticias.asp?id=555699\">link<\/a>)<\/li><li>March-19: Our IEEE on muscle noise removal was accepted. Congrats, Juan!<\/li><li>March-19: Our IEEE on fluctuation in muscle activation was accepted. Congrats, Rodrigo!<\/li><li>Jan-19: Our averaging EEG paper is out, Congrats, Pavel! (<a href=\"https:\/\/journals.plos.org\/plosone\/article?id=10.1371\/journal.pone.0206018\">link<\/a>)<\/li><li>Dic-18: Prof. Za\u00f1artu recieves award from the Chilean Industrial Association for Electrical and Electronics Industry (AIE) for best innovation of the year <a href=\"https:\/\/noticias.usm.cl\/2018\/12\/14\/ac3e-de-la-usm-gana-por-tercer-ano-consecutivo-el-premio-mejor-innovacion-tecnologica-de-la-aie\/?fbclid=IwAR1yuhBhQI5B_g68LXwsq0vTFvHAJ2Lu2fiekZEKnhhFGPRxMc12OHKDNlw\">link<\/a><\/li><li>Dic-18: Our ambulatory IBIF paper is out. Congrats, JP! (<a href=\"https:\/\/journals.plos.org\/plosone\/article?id=10.1371\/journal.pone.0209017\">link<\/a>)<\/li><li>June-18: Our brand new AC3E buidlingisunderconstruction! (<a href=\"http:\/\/www.noticias.usm.cl\/2018\/06\/19\/autoridades-de-la-usm-dieron-inicio-oficial-a-la-construccion-del-edificio-bari-ii\/\" target=\"_blank\" rel=\"noreferrer noopener\">link<\/a>, <a href=\"https:\/\/www.flickr.com\/photos\/utfsm\/sets\/72157668249817337\/with\/29028048528\/\" target=\"_blank\" rel=\"noreferrer noopener\">pics<\/a>).<\/li><li>March-18: ihear symposium takes places at USM (<a href=\"http:\/\/www.ac3e.cl\/index.php\/es\/news\/item\/574-investigador-ac3e-organiza-simposio-internacional-de-investigacion-auditiva-ihear-2018\">link<\/a>)<\/li><li>March-18: Profs Erath, Mehta, and Peterson visit UTFSM for the P50 project<\/li><li>Nov-17: Prof. Za\u00f1artu was promoted to Associate Professor. Yay!<\/li><li>Nov-17: The new NIH P50 website is up! Check it out: <a href=\"http:\/\/www.massgeneral.org\/voicecenter\/research\/researchlab.aspx?id=1767&amp;display=overview\">link<\/a><\/li><li>Aug-17: Nice article on voice issues in singers in The Guardian! <a href=\"https:\/\/www.theguardian.com\/news\/2017\/aug\/10\/adele-vocal-cord-surgery-why-stars-keep-losing-their-voices\" target=\"_blank\" rel=\"noreferrer noopener\">link<\/a><\/li><li>Aug-17: In his column at the Mercurio de Valparaiso, the President of CONICYT features Dr. Za\u00f1artu <a href=\"http:\/\/www.mercuriovalpo.cl\/impresa\/2017\/08\/24\/full\/cuerpo-principal\/10\/\">link1<\/a>&#8211; <a href=\"http:\/\/profesores.elo.utfsm.cl\/~mzanartu\/Documents\/Hamuy_mercurio_2017.png\">link2<\/a><\/li><li>May-17: CONICYT-FONDEQUIP website features an interview with Prof. Za\u00f1artu (<a href=\"http:\/\/www.conicyt.cl\/fondequip\/2017\/05\/02\/chile-alcanza-un-rol-clave-en-la-investigacion-de-enfermedades-vocales-a-nivel-internacional\/\">link<\/a>)<\/li><li>Apr-17: Dr. Za\u00f1artu gives a talk on the \u201cWorld Voice Day\u201d event at Universidad de Valparaiso<\/li><li>Apr-17: Electronic newspaper &#8220;El Mostrador&#8221; features comprehensiveinterviewwithProf. Za\u00f1artu (<a href=\"http:\/\/www.elmostrador.cl\/cultura\/2017\/04\/28\/el-ingeniero-que-realiza-investigacion-de-clase-mundial-desde-el-cerro-los-placeres-de-valparaiso\/\">link<\/a>)<\/li><li>Apr-17: Newspaper &#8220;El Mercurio de Valparaiso&#8221; released an article about our role in the NIH P50 grant (<a href=\"http:\/\/www.mercuriovalpo.cl\/impresa\/2017\/04\/16\/full\/cuerpo-reportajes\/13\/\">link<\/a>)<\/li><li>Mar-17: National news coverage regarding the NIH P50 project!! (<a href=\"http:\/\/www.lun.com\/Pages\/NewsDetail.aspx?dt=2017-03-27&amp;NewsID=369445&amp;BodyID=0&amp;PaginaId=28\">LUN<\/a> &amp; <a href=\"http:\/\/impresa.lasegunda.com\/2017\/03\/29\/A\/9G34NK3R\/LB34NP59\">Segunda<\/a>)<\/li><li>Mar-17: It&#8217;s official: Our NIH P50 proposal was funded!! (<a href=\"http:\/\/www.noticias.usm.cl\/2017\/03\/24\/academico-de-la-usm-es-el-primer-chileno-en-ganar-prestigioso-fondo-p50-del-instituto-nacional-de-salud-de-ee-uu\/\">link1<\/a> &amp; <a href=\"http:\/\/www.innovacion.cl\/2017\/03\/universidad-santa-maria-integra-proyecto-que-obtiene-millonario-aporte-en-estados-unidos\/\">link2<\/a>)<\/li><li>Mar-17: Prof. Za\u00f1artu gives a talk at Universidad Austral, Valdivia, Chile (<a href=\"http:\/\/www.acusticauach.cl\/?p=8387\">link<\/a>)<\/li><li>Feb-17: Prof. Za\u00f1artu visits Purdue University to foster research and exchange opportunities with USM (<a href=\"http:\/\/www.ac3e.cl\/index.php\/es\/news\/item\/397-investigador-ac3e-visita-universidad-purdue\">link<\/a>)<\/li><li>Apr-16: Our biomedical systems group at AC3E was featured in a science TV show on National TV (TVN) <a href=\"https:\/\/youtu.be\/9g6dHzflYBU\">link<\/a><\/li><\/ul>\n\n\n\n<figure><iframe loading=\"lazy\" src=\"https:\/\/www.youtube.com\/embed\/9g6dHzflYBU\" width=\"640\" height=\"360\"><\/iframe><\/figure>\n\n\n\n<ul class=\"wp-block-list\"><li>Dic-16: The viscous contact paper was accepted to Biomechanics and Modeling in Mechanobiology (<a href=\"http:\/\/link.springer.com\/journal\/10237\">link). <\/a>Bravo, <a href=\"http:\/\/www.sdpeterson.uwaterloo.ca\/\">Sean Peterson<\/a>!<\/li><li>Nov-16: Prof. Za\u00f1artu gives the invited talk &#8220;Modeling the etiology and pathophysiology of vocal hyperfunction: Physical mechanisms&#8221; at Boston University.<\/li><li>Oct-16: Our lab was featured in National Newspaper Diario La Tercera <a href=\"http:\/\/profesores.elo.utfsm.cl\/~mzanartu\/Documents\/Zanartu_3ra_2016.pdf\">link<\/a><\/li><li>Sept-16: USM was ranked by Times Higher Education as the best Chilean University and the third in Latin America <a href=\"http:\/\/www.emol.com\/noticias\/Nacional\/2016\/09\/23\/823302\/U-Federico-Santa-Maria-y-UC-son-las-mejores-universidades-chilenas-en-ranking-internacional.html\">link1<\/a> &#8211; <a href=\"http:\/\/www.noticias.usm.cl\/2016\/09\/21\/usm-vuelve-a-liderar-en-chile-y-destaca-a-nivel-latinoamericano-en-prestigioso-ranking-internacional\/\">link2<\/a><\/li><li>Sept-16: Our research was featured on National TV (C13C) <a href=\"https:\/\/www.youtube.com\/watch?v=J3QeWeaL30s\">link1<\/a> &#8211; <a href=\"https:\/\/www.youtube.com\/watch?v=lozcnic3sQk\">link2<\/a><\/li><\/ul>\n\n\n\n<figure><iframe loading=\"lazy\" src=\"https:\/\/www.youtube.com\/embed\/J3QeWeaL30s\" width=\"640\" height=\"360\"><\/iframe><\/figure>\n\n\n\n<figure><iframe loading=\"lazy\" src=\"https:\/\/www.youtube.com\/embed\/lozcnic3sQk\" width=\"640\" height=\"360\"><\/iframe><\/figure>\n\n\n\n<ul class=\"wp-block-list\"><li>Aug-16: Our VPLab (<a href=\"http:\/\/vplab.usm.cl\/\">link<\/a>) is in the local news <a href=\"http:\/\/www.electronica.usm.cl\/extension\/noticias\/noticia\/academico-matias-zanartu-lidera-el-area-de-sistemas-biomedicos-de-la-utfsm-trabaja-en-la-aplicacion-de-herramientas-de-ingenieria-para-identificar-patologias-relacionadas-con-la-voz\/\">link<\/a><\/li><li>Jul-16: News release at <a href=\"http:\/\/ingenium.usm.cl\/\">ingenium<\/a> on our recent efforts in voice research <a href=\"http:\/\/ingenium.usm.cl\/destacados\/sistemas-biomedicos\/\">here<\/a><\/li><li>Apr-16: The JASA paper on time-varying Bayesian estimation of vocal fold models was accepted for publication (April,2016). Congratulations, Gabriel!<\/li><li>Apr-16: Prof. Za\u00f1artu is on the national news (TVN) introducing the AC3E research group (<a href=\"https:\/\/vimeo.com\/164741001\">video)<\/a><\/li><\/ul>\n\n\n\n<figure><iframe loading=\"lazy\" src=\"https:\/\/player.vimeo.com\/video\/164741001\" width=\"640\" height=\"360\"><\/iframe><\/figure>\n\n\n\n<p class=\"wp-block-paragraph\"><a href=\"https:\/\/vimeo.com\/164741001\">ZA\u00d1ARTU ONLINE<\/a> from <a href=\"https:\/\/vimeo.com\/user33600140\">Departamento de Electr\u00f3nica USM<\/a> on <a href=\"https:\/\/vimeo.com\">Vimeo<\/a>.<\/p>\n\n\n\n<ul class=\"wp-block-list\"><li>Apr-16: Our AC3E center and our <a href=\"http:\/\/vplab.usm.cl\/\">VPLab <\/a>was featured in the newspaper &#8220;El Mercurio&#8221; <a href=\"http:\/\/impresa.elmercurio.com\/Pages\/NewsDetail.aspx?dt=2016-04-14&amp;dtB=15-04-2016%200:00:00&amp;PaginaId=6&amp;SupplementId=19&amp;bodyid=17\">link<\/a><\/li><li>Apr-16: Dr. Za\u00f1artu gives a talk on the &#8220;World Voice Day&#8221; event at Universidad de Valparaiso <a href=\"http:\/\/world-voice-day.org\/dia-de-la-voz-en-la-universidad-de-valparaiso-2016\/\">link<\/a><\/li><li>Mar-16: Our EE PhDprogramreceived the outstanding AUIP award among Ibero-American Universities, and it is the first graduate program in Chile to receive this honor <a href=\"http:\/\/www.chiletecnologias.cl\/index.php\/novedades-articulos\/114-doctorado-en-ingenieria-electronica-usm-recibe-premio-auip\">link1<\/a> <a href=\"http:\/\/www.noticias.usm.cl\/2016\/04\/05\/usm-se-transforma-en-primera-universidad-iberoamericana-en-recibir-prestigioso-premio-auip\/\">link2<\/a><\/li><li>Mar-16: The 10th International Conference on Voice Physiology and Biomechanics was a great success! See papers and pictures <a href=\"http:\/\/www.icvpb2016.com\/index.html\">here<\/a>.<\/li><li>Mar-16: The ICVPB conference is on the local news (<a href=\"http:\/\/www.chiletecnologias.cl\/index.php\/novedades-articulos\/107-la-estrecha-colaboracion-de-la-usm-con-la-medicina-en-el-diagnostico-y-tratamiento-de-patologias-vocales\">link1<\/a> and <a href=\"http:\/\/www.ac3e.cl\/index.php\/es\/news\/item\/231-investigador-ac3e-reune-expertos-internacionales-en-temas-de-voz\">link2<\/a>) and in the newspaper Mercurio de Valparaiso, March 2016 (<a href=\"http:\/\/www.mercuriovalpo.cl\/impresa\/2016\/03\/29\/full\/cuerpo-principal\/7\/\">link<\/a>)<\/li><li>Mar-16: Prof. Sean Peterson (University of Waterloo, Canada, <a href=\"http:\/\/www.sdpeterson.uwaterloo.ca\/\">link<\/a>) starts his Sabbatical at USM with Prof. Za\u00f1artu<\/li><li>Feb-16: The 10th International Conference on Voice Physiology and Biomechanics (I<a href=\"http:\/\/www.icvpb2016.com\/index.html\">CVPB 2016<\/a>) is around the corner (March 14 &#8211; 17, 2016). More than 130 participants from all over the world are already registered! See press release <a href=\"http:\/\/www.noticias.usm.cl\/2016\/02\/22\/academico-de-la-usm-es-el-primer-chileno-en-liderar-importante-evento-sobre-la-laringe-y-la-voz\/\">here.<\/a><\/li><li>Jan-16: Our Department was ranked #1 in the country by QS world ranking (<a href=\"http:\/\/www.noticias.usm.cl\/2016\/02\/11\/usm-es-lider-nacional-en-ensenanza-de-ingenieria-electrica-y-electronica-segun-ranking-mundial-qs\/\">link<\/a>)<\/li><li>Jan-16: Plos ONE paper with Doug Cook is out! <a href=\"http:\/\/journals.plos.org\/plosone\/article?id=10.1371\/journal.pone.0148309\">link<\/a><\/li><li>Dic-15: Prof. Za\u00f1artu gives a talk at the Fonk museum in Vi\u00f1a del Mar, December 112015. <a href=\"http:\/\/regiones.explora.cl\/valparaiso\/noticias-valparaiso\/7346-tecnologia-al-servicio-de-la-inclusion-en-viernes-de-cultura-ciencia\">link<\/a><\/li><li>Nov-15: Prof. Za\u00f1artu is interviewed by the LUN newspaper on the effects of auditory feedback on voice production <a href=\"http:\/\/profesores.elo.utfsm.cl\/~mzanartu\/Documents\/LUN%20MZS.pdf\">link<\/a><\/li><li>Oct-15: The deadline for abstract submission for ICVPB 2016 is on Friday, Oct 162015 (<a href=\"http:\/\/icvpb2016.com\/\">link<\/a>)<\/li><li>Sept-15: Prof. Za\u00f1artu participates in a large grant application with MGH, BU, MIT, and USM to create a center for vocal hyperfunction, via the NIH P50 program (<a href=\"http:\/\/www.noticias.usm.cl\/2015\/10\/09\/investigador-usm-es-el-primer-ingeniero-chileno-en-carrera-por-fondos-del-instituto-nacional-de-salud-de-ee-uu\/\">link<\/a>)<\/li><li>Aug-15: ICVPB is in the USM news <a href=\"http:\/\/www.noticias.usm.cl\/2015\/09\/14\/usm-organizara-gran-evento-internacional-sobre-la-voz-a-realizarse-por-primera-vez-en-sudamerica\/\">link<\/a><\/li><li>Aug-15: ICVPB conference website is available now! <a href=\"http:\/\/www.icvpb2016.com\/\">link<\/a><\/li><li>Aug-15: Our laryngeal HSV system and lab was featured in the USM news (l<a href=\"http:\/\/www.noticias.usm.cl\/2015\/08\/20\/usm-obtiene-equipamiento-unico-en-sudamerica-para-investigacion-de-patologias-vocales\/\">ink<\/a>)<\/li><li>July-15: Former MS student, Andr\u00e9s Llicomoves to <a href=\"http:\/\/www.bu.edu\/\">BU<\/a> to work with <a href=\"http:\/\/sites.bu.edu\/stepplab\/\">Cara Stepp<\/a>. Congrats!<\/li><li>May-15: PhDstudentVictor Espinoza, spends a summer at the <a href=\"http:\/\/www.massgeneral.org\/voicecenter\/\">MGH voice center <\/a>working on his dissertation.<\/li><li>May-15: Prof. Za\u00f1artu joins the <a href=\"http:\/\/www.conicyt.cl\/fondecyt\/grupos-de-estudios\/\">FONDECYT Study Group<\/a> in Electrical Engineering and Computer Science (known as Engineering 2) from <a href=\"http:\/\/www.conicyt.cl\/\">CONICYT<\/a><\/li><li>July-15: Our Llico et al. JASA EL paper is out! <a href=\"http:\/\/profesores.elo.utfsm.cl\/~mzanartu\/Documents\/Llico_et_al_JASAEL_2015.pdf\">pdf<\/a><\/li><li>July-15: The new book on HSV with our chapter on simultaneous airflow recording is now available on Amazon. Normal and Abnormal Vocal Folds Kinematics: High-Speed DigitalPhonoscopy(HSDP), Optical Coherence Tomography (OCT) &amp; Narrow Band Imaging (NBI\u00ae), Volume I: Technology (Volume 1). Nice!<\/li><li>Jun-15: Prof. Za\u00f1artu gives keynotetalkat<a href=\"http:\/\/aql2015.com\/AQL_2015\/Keynote_Speakers.html\">AQL2015<\/a> &#8211; <a href=\"http:\/\/www.ac3e.cl\/index.php\/en\/news\/item\/55-ac3e-researcher-participated-plenary-speaker-aql-london\">Link<\/a><\/li><li>Jan-15: OurLlicoet al. JASA EL paperonreal-timeestimationof aerodynamic features for ambulatory voice biofeedback was accepted!<\/li><li>Jan-15: Experts from MIT, MGH, BU, Waterloo, Clarkson, USM, and UV meet in Puerto Varas in the context of an MIT-USM grant <a href=\"http:\/\/www.noticias.usm.cl\/2015\/05\/13\/workshop-reune-a-destacados-expertos-en-monitoreo-de-la-voz\/\">link<\/a><\/li><li>Jan-15: PhD student Gabriel Galindo spends three months at the <a href=\"https:\/\/uwaterloo.ca\/\">University of Waterloo<\/a> working with Prof. <a href=\"http:\/\/www.sdpeterson.uwaterloo.ca\/\">Sean Peterson <\/a>on Bayesian parameter estimation for vocal fold models.<\/li><li>UCL Ear institue visits USM for workshop on cochlear implant research <a href=\"http:\/\/www.comunicaciones.usm.cl\/2015\/03\/03\/expertos-en-investigacion-para-la-rehabilitacion-de-la-sordera-profunda-visitan-la-usm\/\">link<\/a><\/li><li>VPLab visits MIT and Harvard\/MGH <a href=\"http:\/\/www.comunicaciones.usm.cl\/2015\/01\/22\/usm-obtiene-creciente-protagonismo-en-iniciativa-conjunta-con-el-mit\/\">link<\/a><\/li><li>The Advanced Center for Electrical and Electronic Engineering has started! <a href=\"http:\/\/www.comunicaciones.usm.cl\/2014\/10\/09\/nace-nuevo-centro-avanzado-de-ingenieria-electrica-y-electronica-en-la-usm\/\">link<\/a><\/li><li>Our STICAMSUD group meeting took place in Valparaiso on August 6-7. Visitors included <a href=\"http:\/\/www.cic.unb.br\/~lucero\/\">Jorge Lucero<\/a>, <a href=\"http:\/\/www.gipsa-lab.grenoble-inp.fr\/page_pro.php?vid=167\">Xavier Pelorson<\/a>, <a href=\"http:\/\/perso.limsi.fr\/denisse\/\">Denisse Sciamarella<\/a>, and <a href=\"http:\/\/laboratorios.fi.uba.ar\/lfd\/inicio\/index.php\">Guillermo Artana<\/a>. See group picture <a href=\"http:\/\/profesores.elo.utfsm.cl\/~mzanartu\/Documents\/sticamsud_agust2014.jpg\">here<\/a>.<\/li><li>Andr\u00e9s Llico, MS, (research assistant in our lab) received an award for outstandingacademicrecord. Congrats, Andr\u00e9s! <a href=\"http:\/\/www.comunicaciones.usm.cl\/2014\/06\/02\/egresado-usm-recibe-reconocimiento-del-colegio-de-ingenieros-por-excelencia-academica\/\">link<\/a><\/li><li>Our Ghassemi <em>et al.<\/em> paper was a featured article for June IEEE TBME monthly highlights. (<a href=\"http:\/\/tbme.embs.org\/2014\/05\/31\/learning-detect-vocal-hyperfunction-ambulatory-neck-surface-acceleration-features-initial-results-vocal-fold-nodules\/\">link<\/a>)<\/li><li>Check out this cool animation illustrating our Ghassemi <em>et al.<\/em> paper (<a href=\"http:\/\/ieeexplore.ieee.org\/xpl\/articleDetails.jsp?arnumber=6701200\">link <\/a>&#8211; <a href=\"http:\/\/profesores.elo.utfsm.cl\/~mzanartu\/Documents\/Ghassemi%20et%20al%20IEEE%202014%20-%20Learning%20to%20Detect%20Vocal%20Hyperfunction%20From%20ACC.pdf\">pdf<\/a>) for the IEEE TBME monthly highlights website. Many thanks to <a href=\"http:\/\/web.mit.edu\/dmehta\/www\/index.html\">Daryush Mehta<\/a> for this awesome figure!<\/li><\/ul>\n\n\n\n<div class=\"wp-block-image\"><figure class=\"aligncenter\"><a href=\"http:\/\/profesores.elo.utfsm.cl\/~mzanartu\/new-2020\/wordpress\/wp-content\/uploads\/2020\/09\/IEEE_TBME.gif\"><img decoding=\"async\" src=\"http:\/\/profesores.elo.utfsm.cl\/~mzanartu\/new-2020\/wordpress\/wp-content\/uploads\/2020\/09\/IEEE_TBME.gif\" alt=\"\" class=\"wp-image-428\" title=\"IEEE_TBME_Highlights\"\/><\/a><\/figure><\/div>\n\n\n\n<ul class=\"wp-block-list\"><li>Our Ghassemi <em>et al.<\/em> paper (<a href=\"http:\/\/ieeexplore.ieee.org\/xpl\/articleDetails.jsp?arnumber=6701200\">link <\/a>&#8211; <a href=\"http:\/\/profesores.elo.utfsm.cl\/~mzanartu\/Documents\/Ghassemi%20et%20al%20IEEE%202014%20-%20Learning%20to%20Detect%20Vocal%20Hyperfunction%20From%20ACC.pdf\">pdf<\/a>)wasselectedasfeatured article for June IEEE TBME monthly highlights. Nice!<\/li><li>MIT-UTFSM meeting is on the local news <a href=\"http:\/\/www.comunicaciones.usm.cl\/2014\/03\/31\/expertos-internacionales-en-el-monitoreo-de-la-voz-se-reunieron-en-la-usm\/\">link<\/a><\/li><li>The laryngeal high-speed video projects isonthelocalnews<a href=\"http:\/\/www.comunicaciones.usm.cl\/2013\/12\/18\/usm-se-adjudica-equipamiento-para-avanzar-en-estudio-de-patologias-de-la-voz\/\">link<\/a><\/li><li>Our grant application for the Advanced Center for Electrical and Electronic Engineering (AC3E) center was awarded! <a href=\"http:\/\/www.conicyt.cl\/pia\/2013\/12\/20\/se-informa-a-la-comunidad-cientifica-sobre-el-%E2%80%9Ctercer-concurso-nacional-de-financiamiento-basal-para-centros-cientificos-y-tecnologicos-de-excelencia%E2%80%9D\/\">link<\/a><\/li><li>Ghassemi et al. IEEE TBME on machine learning to detect vocal hyperfunction paper accepted!<\/li><li>Our MIT-UTFSM grant application on measures of ambulatory voice quality and dysphonia was awarded!<\/li><li>Our FONDEQUIP grant application to purchase a high-end laryngeal high-speed video was awarded! <a href=\"http:\/\/www.conicyt.cl\/fondequip\/files\/2013\/07\/Resolucion-Adjudicacion-6392-2013.pdf\">link<\/a><\/li><li>Our joint work with Prof. Hillman on ambulatory voice monitoring is featured in NIH Medline Plus <a href=\"http:\/\/www.nlm.nih.gov\/medlineplus\/magazine\/issues\/fall13\/articles\/fall13pg6-7.html\">link<\/a><\/li><li>Doctoral students Espinoza and Galindo presented their research at the Sticamsud voice meeting in Buenos Aires. <a href=\"http:\/\/www.sav.org.ar\/buenos-aires-voice-meeting-2013\/\">link<\/a><\/li><li>The voice monitoring project is on the USM news: <a href=\"http:\/\/ingenium.usm.cl\/destacados\/monitoreo-de-la-voz\/\">link<\/a><\/li><li>MS student Andr\u00e9s Llicodiscusses his research in an interview for the USM radio: <a href=\"http:\/\/profesores.elo.utfsm.cl\/~mzanartu\/Documents\/Entrevista_Andres_Llico.mp3\">audio<\/a><\/li><li>Profs. Peterson and Erath visit USM. More info about their talks here.<\/li><li>My 10-minute Interview in Tecnociencia Canal 13C is out! (<a href=\"http:\/\/goo.gl\/KYWJtS\">link<\/a>)<\/li><\/ul>\n\n\n\n<figure><iframe loading=\"lazy\" src=\"https:\/\/www.youtube.com\/embed\/MUdsWKAJgac\" width=\"640\" height=\"360\"><\/iframe><\/figure>\n\n\n\n<ul class=\"wp-block-list\"><li><a href=\"http:\/\/www.tecno-ciencia.cl\/\">Tecnociencia <\/a>visited our lab. Official news and video to be posted soon. (<a href=\"https:\/\/twitter.com\/PelaoCampos\/status\/311958066339905536\/photo\/1\">pic<\/a>)<\/li><li>Za\u00f1artu et. al 2013 IEEE TASLP on Subglottal IBIF accepted for publication (March-14-2013)<\/li><li>Two Za\u00f1artu et. al and one Erath et. alpapersacceptedforthe<a href=\"http:\/\/www.ica2013montreal.org\/\">ICA 2013<\/a> (March-12-2013)<\/li><li>Erath et al. review paper of lumped mass models is now available (<a href=\"http:\/\/www.sciencedirect.com\/science\/article\/pii\/S0167639313000162\">link<\/a>)<\/li><li>Sommer et al. JASA EL paper on glottal area discontinuities was accepted for publication (Jan-22-2013) <a href=\"http:\/\/scitation.aip.org\/getpdf\/servlet\/GetPDFServlet?filetype=pdf&amp;id=JASMAN0001330000030EL214000001&amp;idtype=cvips&amp;doi=10.1121\/1.4790662&amp;prog=normal\">pdf<\/a><\/li><li>Article on the talks from Prof. Guttag (MIT), Prof. Hillman (Harvard-MIT\/MGH), and Dr. Mehta (Harvard\/MGH), Jan 2013. (<a href=\"http:\/\/www.dgc.usm.cl\/2013\/01\/15\/expertos-norteamericanos-en-uso-de-tecnologias-en-el-area-medica-se-reunen-en-la-usm\/\">link<\/a>)<\/li><li>Workshop on ambulatory monitoring of vocal function with Prof. Guttag (MIT), Prof. Hillman (Harvard-MIT\/MGH), and Dr. Mehta (Harvard\/MGH), Jan 2013. (<a href=\"http:\/\/profesores.elo.utfsm.cl\/~mzanartu\/Documents\/DSC03285.JPG\">pic<\/a>)<\/li><li>Prof. Guttag (MIT), Prof. Hillman (Harvard-MIT\/MGH), and Dr. Mehta (Harvard\/MGH) will give a seminar on Clinical Voice Analysis at UTFSM on Jan-10-2013 (<a href=\"http:\/\/profesores.elo.utfsm.cl\/~mzanartu\/Documents\/Seminar%20invitation%20UTFSM.pdf\">link<\/a>)<\/li><li>Prof. Ingo Titze visited our lab at USM, Oct 2013. (<a href=\"http:\/\/www.dgc.usm.cl\/2012\/10\/26\/destacado-cientifico-norteamericano-dicto-conferencia-acerca-de-investigaciones-sobre-la-voz-humana-en-la-usm\/\">link<\/a>)<\/li><li>Dr. Za\u00f1artu presented the IBIF algorithm at the first Ibero-American Voice Conference in Santiago (<a href=\"http:\/\/congresovoz2012.tz.to\/\">link<\/a>)<\/li><li>Students Llicoand D\u00edaz presented their work at the JCIB 2012 in Vi\u00f1a del Mar (<a href=\"http:\/\/www.biomedica.uv.cl\/jcib\/?page_id=122\">link<\/a>)<\/li><li>Sommer et al. paper published (<a href=\"http:\/\/link.aip.org\/link\/?JAS\/132\/EL271\">link <\/a>&#8211; <a href=\"http:\/\/profesores.elo.utfsm.cl\/%7Emzanartu\/Documents\/Sommer_et_al_JASAEL_2012.pdf\">pdf<\/a>)<\/li><li>Mehta et al. IEEE TBME paper on voice health monitor accepted for publication!<\/li><li>USM ranked #1 in Electrical and Computer Engineering in South America by Microsoft Academic. (<a href=\"http:\/\/academic.research.microsoft.com\/RankList?entitytype=7&amp;topdomainid=8&amp;subdomainid=6&amp;last=0&amp;continentid=5\">link<\/a>)<\/li><li>Dr. Za\u00f1artu presented the IBIF algorithm at the ICVPB in July (<a href=\"http:\/\/www.icvpb2012.de\/\">link<\/a>)<\/li><li>Dr. Erath presented our new acoustic model at the ASME-BED 2012, in Puerto Rico in June<\/li><li>Sommer et al. JASA EL paper accepted! Soon to appear&#8230;<\/li><li>Mehta et al. Interspeech 2012 paper accepted!<\/li><li>MIT-Chileprojecttakes off! FirstvisittoBoston was in May (l<a href=\"http:\/\/www.dgc.usm.cl\/2012\/06\/13\/avanza-proyecto-entre-la-usm-y-el-massachusetts-institute-of-technology-mit\/\">ink<\/a>)<\/li><li>MIT-ChleSeedfund awarded! (<a href=\"http:\/\/www.dgc.usm.cl\/2012\/02\/14\/usm-inicia-proyecto-en-conjunto-con-el-massachusetts-institute-of-technology\/\">link<\/a>)<\/li><li>Our invited paper in the ASA meeting in San Diego is in the news (<a href=\"http:\/\/www.acoustics.org\/press\/162nd\/Mehta_3aSCa1.html\">link<\/a>)<\/li><\/ul>\n","protected":false},"excerpt":{"rendered":"<p>Mat\u00edas Za\u00f1artu, Ph.D.Professor &#8211; Department of Electronic EngineeringPrincipal Investigator &#8211; Advanced Center for Electrical and Electronic EngineeringLab Director &#8211; Voice Production LaboratoryUniversidad T\u00e9cnica Federico Santa Mar\u00eda Fellow, Acoustical Society of America Fulbright Fellow, IEEE Senior MemberAssociate Editor, JASA Express Letters &hellip; <a href=\"https:\/\/profesores.elo.utfsm.cl\/~mzanartu\/\">Continue reading <span class=\"meta-nav\">&rarr;<\/span><\/a><\/p>\n","protected":false},"author":1,"featured_media":0,"parent":0,"menu_order":0,"comment_status":"closed","ping_status":"closed","template":"","meta":{"footnotes":""},"class_list":["post-15","page","type-page","status-publish","hentry"],"_links":{"self":[{"href":"https:\/\/profesores.elo.utfsm.cl\/~mzanartu\/index.php\/wp-json\/wp\/v2\/pages\/15","targetHints":{"allow":["GET"]}}],"collection":[{"href":"https:\/\/profesores.elo.utfsm.cl\/~mzanartu\/index.php\/wp-json\/wp\/v2\/pages"}],"about":[{"href":"https:\/\/profesores.elo.utfsm.cl\/~mzanartu\/index.php\/wp-json\/wp\/v2\/types\/page"}],"author":[{"embeddable":true,"href":"https:\/\/profesores.elo.utfsm.cl\/~mzanartu\/index.php\/wp-json\/wp\/v2\/users\/1"}],"replies":[{"embeddable":true,"href":"https:\/\/profesores.elo.utfsm.cl\/~mzanartu\/index.php\/wp-json\/wp\/v2\/comments?post=15"}],"version-history":[{"count":102,"href":"https:\/\/profesores.elo.utfsm.cl\/~mzanartu\/index.php\/wp-json\/wp\/v2\/pages\/15\/revisions"}],"predecessor-version":[{"id":582,"href":"https:\/\/profesores.elo.utfsm.cl\/~mzanartu\/index.php\/wp-json\/wp\/v2\/pages\/15\/revisions\/582"}],"wp:attachment":[{"href":"https:\/\/profesores.elo.utfsm.cl\/~mzanartu\/index.php\/wp-json\/wp\/v2\/media?parent=15"}],"curies":[{"name":"wp","href":"https:\/\/api.w.org\/{rel}","templated":true}]}}